{"id":2884,"date":"2021-04-08T12:48:47","date_gmt":"2021-04-08T10:48:47","guid":{"rendered":"https:\/\/photoclub-saintgilles.fr\/?page_id=2884"},"modified":"2025-01-15T12:09:15","modified_gmt":"2025-01-15T11:09:15","slug":"test-page-simple","status":"publish","type":"page","link":"https:\/\/photoclub-saintgilles.fr\/?page_id=2884","title":{"rendered":"Fonctionnement du club"},"content":{"rendered":"\t\t<div data-elementor-type=\"wp-page\" data-elementor-id=\"2884\" class=\"elementor elementor-2884\">\n\t\t\t\t\t\t<section class=\"elementor-section elementor-top-section elementor-element elementor-element-eb50e06 elementor-section-boxed elementor-section-height-default elementor-section-height-default\" data-id=\"eb50e06\" data-element_type=\"section\" data-e-type=\"section\">\n\t\t\t\t\t\t<div class=\"elementor-container elementor-column-gap-default\">\n\t\t\t\t\t<div class=\"elementor-column elementor-col-100 elementor-top-column elementor-element elementor-element-2549930\" data-id=\"2549930\" data-element_type=\"column\" data-e-type=\"column\">\n\t\t\t<div class=\"elementor-widget-wrap elementor-element-populated\">\n\t\t\t\t\t\t<div class=\"elementor-element elementor-element-f354c07 elementor-widget elementor-widget-text-editor\" data-id=\"f354c07\" data-element_type=\"widget\" data-e-type=\"widget\" data-widget_type=\"text-editor.default\">\n\t\t\t\t<div class=\"elementor-widget-container\">\n\t\t\t\t\t\t\t\t\t<p style=\"text-align: justify;\">Le Club photo de Saint-Gilles compte aujourd&rsquo;hui une trentaine d&rsquo;adh\u00e9rents et adh\u00e9rentes de 12 \u00e0 79 ans.<\/p>\n<p style=\"text-align: justify;\">Il est constitu\u00e9 sous la forme d&rsquo;une association loi de 1901 dont le bureau est compos\u00e9 de Michel Aubert Pr\u00e9sident, Luc Rabin Vice-pr\u00e9sident, Yvonnick GUILLOT Tr\u00e9sori\u00e8re et Brigitte MALLARD Secr\u00e9taire.<\/p>\n<p style=\"text-align: justify;\">La cotisation annuelle s\u2019\u00e9l\u00e8ve \u00e0 40 \u20ac ce qui couvre l\u2019assurance des activit\u00e9s et le fonctionnement de l\u2019association.<\/p>\n<p style=\"text-align: justify;\">Les membres du club se r\u00e9unissent, \u00e0 la salle du Courtil, \u00e0 Saint-Gilles, le mercredi soir des semaines impaires de 20h \u00e0 22h. Ces r\u00e9unions sont l&rsquo;occasion de pr\u00e9sentations th\u00e9oriques, mais pas trop, sur les techniques photographiques. Elles permettent aussi et surtout d&rsquo;\u00e9changer sur les productions de chaque participant en r\u00e9f\u00e9rence au th\u00e8me ou au sujet choisi ensemble lors de la r\u00e9union pr\u00e9c\u00e9dente.<\/p>\n<p style=\"text-align: justify;\">L&rsquo;association organise \u00e9galement des sorties&nbsp;<span style=\"font: var(--the7-base-font-big); letter-spacing: var(--the7-base-letter-spacing); text-transform: var(--the7-base-text-transform); word-spacing: normal; text-decoration: var(--the7-base-text-decoration);\">r\u00e9guli\u00e8rement le samedi&nbsp;<\/span><span style=\"font: var(--the7-base-font-big); letter-spacing: var(--the7-base-letter-spacing); text-transform: var(--the7-base-text-transform); word-spacing: normal; text-decoration: var(--the7-base-text-decoration);\">ou des ateliers le premier lundi de chaque mois.<\/span><\/p>\t\t\t\t\t\t\t\t<\/div>\n\t\t\t\t<\/div>\n\t\t\t\t\t<\/div>\n\t\t<\/div>\n\t\t\t\t\t<\/div>\n\t\t<\/section>\n\t\t\t\t<section class=\"elementor-section elementor-top-section elementor-element elementor-element-a8ef01d elementor-section-boxed elementor-section-height-default elementor-section-height-default\" data-id=\"a8ef01d\" data-element_type=\"section\" data-e-type=\"section\">\n\t\t\t\t\t\t<div class=\"elementor-container elementor-column-gap-default\">\n\t\t\t\t\t<div class=\"elementor-column elementor-col-100 elementor-top-column elementor-element elementor-element-4a8f842\" data-id=\"4a8f842\" data-element_type=\"column\" data-e-type=\"column\">\n\t\t\t<div class=\"elementor-widget-wrap elementor-element-populated\">\n\t\t\t\t\t\t<div class=\"elementor-element elementor-element-e134400 elementor-widget elementor-widget-image\" data-id=\"e134400\" data-element_type=\"widget\" data-e-type=\"widget\" data-widget_type=\"image.default\">\n\t\t\t\t<div class=\"elementor-widget-container\">\n\t\t\t\t\t\t\t\t\t\t\t\t\t\t\t<img decoding=\"async\" src=\"https:\/\/photoclub-saintgilles.fr\/wp-content\/uploads\/2015\/11\/architecture3-1.jpg\" title=\"\" alt=\"\" loading=\"lazy\" \/>\t\t\t\t\t\t\t\t\t\t\t\t\t\t\t<\/div>\n\t\t\t\t<\/div>\n\t\t\t\t\t<\/div>\n\t\t<\/div>\n\t\t\t\t\t<\/div>\n\t\t<\/section>\n\t\t\t\t<\/div>\n\t\t","protected":false},"excerpt":{"rendered":"<p>Le Club photo de Saint-Gilles compte aujourd&rsquo;hui une trentaine d&rsquo;adh\u00e9rents et adh\u00e9rentes de 12 \u00e0 79 ans. Il est constitu\u00e9 sous la forme d&rsquo;une association loi de 1901 dont le bureau est compos\u00e9 de Michel Aubert Pr\u00e9sident, Luc Rabin Vice-pr\u00e9sident, Yvonnick GUILLOT Tr\u00e9sori\u00e8re et Brigitte MALLARD Secr\u00e9taire. La cotisation annuelle s\u2019\u00e9l\u00e8ve \u00e0 40 \u20ac ce&hellip;<\/p>\n","protected":false},"author":6,"featured_media":0,"parent":0,"menu_order":0,"comment_status":"closed","ping_status":"closed","template":"","meta":{"footnotes":""},"class_list":["post-2884","page","type-page","status-publish","hentry"],"yoast_head":"<!-- This site is optimized with the Yoast SEO plugin v27.5 - https:\/\/yoast.com\/product\/yoast-seo-wordpress\/ -->\n<title>Fonctionnement du club - Photoclub-SG35<\/title>\n<meta name=\"robots\" content=\"index, follow, max-snippet:-1, max-image-preview:large, max-video-preview:-1\" \/>\n<link rel=\"canonical\" href=\"https:\/\/photoclub-saintgilles.fr\/?page_id=2884\" \/>\n<meta property=\"og:locale\" content=\"fr_FR\" \/>\n<meta property=\"og:type\" content=\"article\" \/>\n<meta property=\"og:title\" content=\"Fonctionnement du club - Photoclub-SG35\" \/>\n<meta property=\"og:description\" content=\"Le Club photo de Saint-Gilles compte aujourd&rsquo;hui une trentaine d&rsquo;adh\u00e9rents et adh\u00e9rentes de 12 \u00e0 79 ans. Il est constitu\u00e9 sous la forme d&rsquo;une association loi de 1901 dont le bureau est compos\u00e9 de Michel Aubert Pr\u00e9sident, Luc Rabin Vice-pr\u00e9sident, Yvonnick GUILLOT Tr\u00e9sori\u00e8re et Brigitte MALLARD Secr\u00e9taire. La cotisation annuelle s\u2019\u00e9l\u00e8ve \u00e0 40 \u20ac ce&hellip;\" \/>\n<meta property=\"og:url\" content=\"https:\/\/photoclub-saintgilles.fr\/?page_id=2884\" \/>\n<meta property=\"og:site_name\" content=\"Photoclub-SG35\" \/>\n<meta property=\"article:publisher\" content=\"https:\/\/www.facebook.com\/photoclubsaintgilles\" \/>\n<meta property=\"article:modified_time\" content=\"2025-01-15T11:09:15+00:00\" \/>\n<meta property=\"og:image\" content=\"http:\/\/photoclub-sg35.fr\/wp-content\/uploads\/2015\/11\/architecture3-1.jpg\" \/>\n<meta name=\"twitter:card\" content=\"summary_large_image\" \/>\n<meta name=\"twitter:label1\" content=\"Dur\u00e9e de lecture estim\u00e9e\" \/>\n\t<meta name=\"twitter:data1\" content=\"1 minute\" \/>\n<script type=\"application\/ld+json\" class=\"yoast-schema-graph\">{\"@context\":\"https:\\\/\\\/schema.org\",\"@graph\":[{\"@type\":\"WebPage\",\"@id\":\"https:\\\/\\\/photoclub-saintgilles.fr\\\/?page_id=2884\",\"url\":\"https:\\\/\\\/photoclub-saintgilles.fr\\\/?page_id=2884\",\"name\":\"Fonctionnement du club - Photoclub-SG35\",\"isPartOf\":{\"@id\":\"https:\\\/\\\/photoclub-saintgilles.fr\\\/#website\"},\"primaryImageOfPage\":{\"@id\":\"https:\\\/\\\/photoclub-saintgilles.fr\\\/?page_id=2884#primaryimage\"},\"image\":{\"@id\":\"https:\\\/\\\/photoclub-saintgilles.fr\\\/?page_id=2884#primaryimage\"},\"thumbnailUrl\":\"http:\\\/\\\/photoclub-sg35.fr\\\/wp-content\\\/uploads\\\/2015\\\/11\\\/architecture3-1.jpg\",\"datePublished\":\"2021-04-08T10:48:47+00:00\",\"dateModified\":\"2025-01-15T11:09:15+00:00\",\"breadcrumb\":{\"@id\":\"https:\\\/\\\/photoclub-saintgilles.fr\\\/?page_id=2884#breadcrumb\"},\"inLanguage\":\"fr-FR\",\"potentialAction\":[{\"@type\":\"ReadAction\",\"target\":[\"https:\\\/\\\/photoclub-saintgilles.fr\\\/?page_id=2884\"]}]},{\"@type\":\"ImageObject\",\"inLanguage\":\"fr-FR\",\"@id\":\"https:\\\/\\\/photoclub-saintgilles.fr\\\/?page_id=2884#primaryimage\",\"url\":\"http:\\\/\\\/photoclub-sg35.fr\\\/wp-content\\\/uploads\\\/2015\\\/11\\\/architecture3-1.jpg\",\"contentUrl\":\"http:\\\/\\\/photoclub-sg35.fr\\\/wp-content\\\/uploads\\\/2015\\\/11\\\/architecture3-1.jpg\"},{\"@type\":\"BreadcrumbList\",\"@id\":\"https:\\\/\\\/photoclub-saintgilles.fr\\\/?page_id=2884#breadcrumb\",\"itemListElement\":[{\"@type\":\"ListItem\",\"position\":1,\"name\":\"Accueil\",\"item\":\"https:\\\/\\\/photoclub-saintgilles.fr\\\/\"},{\"@type\":\"ListItem\",\"position\":2,\"name\":\"Fonctionnement du club\"}]},{\"@type\":\"WebSite\",\"@id\":\"https:\\\/\\\/photoclub-saintgilles.fr\\\/#website\",\"url\":\"https:\\\/\\\/photoclub-saintgilles.fr\\\/\",\"name\":\"Photoclub-SG35\",\"description\":\"Photo club Saint-Gilles - (Rennes)\",\"publisher\":{\"@id\":\"https:\\\/\\\/photoclub-saintgilles.fr\\\/#organization\"},\"potentialAction\":[{\"@type\":\"SearchAction\",\"target\":{\"@type\":\"EntryPoint\",\"urlTemplate\":\"https:\\\/\\\/photoclub-saintgilles.fr\\\/?s={search_term_string}\"},\"query-input\":{\"@type\":\"PropertyValueSpecification\",\"valueRequired\":true,\"valueName\":\"search_term_string\"}}],\"inLanguage\":\"fr-FR\"},{\"@type\":\"Organization\",\"@id\":\"https:\\\/\\\/photoclub-saintgilles.fr\\\/#organization\",\"name\":\"PhotoClub Saint-Gilles\",\"url\":\"https:\\\/\\\/photoclub-saintgilles.fr\\\/\",\"logo\":{\"@type\":\"ImageObject\",\"inLanguage\":\"fr-FR\",\"@id\":\"https:\\\/\\\/photoclub-saintgilles.fr\\\/#\\\/schema\\\/logo\\\/image\\\/\",\"url\":\"https:\\\/\\\/photoclub-sg35.fr\\\/wp-content\\\/uploads\\\/2021\\\/05\\\/logo-300x109-1.jpg\",\"contentUrl\":\"https:\\\/\\\/photoclub-sg35.fr\\\/wp-content\\\/uploads\\\/2021\\\/05\\\/logo-300x109-1.jpg\",\"width\":300,\"height\":86,\"caption\":\"PhotoClub Saint-Gilles\"},\"image\":{\"@id\":\"https:\\\/\\\/photoclub-saintgilles.fr\\\/#\\\/schema\\\/logo\\\/image\\\/\"},\"sameAs\":[\"https:\\\/\\\/www.facebook.com\\\/photoclubsaintgilles\",\"https:\\\/\\\/www.instagram.com\\\/photoclubsaintgilles\\\/\"]}]}<\/script>\n<!-- \/ Yoast SEO plugin. -->","yoast_head_json":{"title":"Fonctionnement du club - Photoclub-SG35","robots":{"index":"index","follow":"follow","max-snippet":"max-snippet:-1","max-image-preview":"max-image-preview:large","max-video-preview":"max-video-preview:-1"},"canonical":"https:\/\/photoclub-saintgilles.fr\/?page_id=2884","og_locale":"fr_FR","og_type":"article","og_title":"Fonctionnement du club - Photoclub-SG35","og_description":"Le Club photo de Saint-Gilles compte aujourd&rsquo;hui une trentaine d&rsquo;adh\u00e9rents et adh\u00e9rentes de 12 \u00e0 79 ans. Il est constitu\u00e9 sous la forme d&rsquo;une association loi de 1901 dont le bureau est compos\u00e9 de Michel Aubert Pr\u00e9sident, Luc Rabin Vice-pr\u00e9sident, Yvonnick GUILLOT Tr\u00e9sori\u00e8re et Brigitte MALLARD Secr\u00e9taire. La cotisation annuelle s\u2019\u00e9l\u00e8ve \u00e0 40 \u20ac ce&hellip;","og_url":"https:\/\/photoclub-saintgilles.fr\/?page_id=2884","og_site_name":"Photoclub-SG35","article_publisher":"https:\/\/www.facebook.com\/photoclubsaintgilles","article_modified_time":"2025-01-15T11:09:15+00:00","og_image":[{"url":"http:\/\/photoclub-sg35.fr\/wp-content\/uploads\/2015\/11\/architecture3-1.jpg","type":"","width":"","height":""}],"twitter_card":"summary_large_image","twitter_misc":{"Dur\u00e9e de lecture estim\u00e9e":"1 minute"},"schema":{"@context":"https:\/\/schema.org","@graph":[{"@type":"WebPage","@id":"https:\/\/photoclub-saintgilles.fr\/?page_id=2884","url":"https:\/\/photoclub-saintgilles.fr\/?page_id=2884","name":"Fonctionnement du club - Photoclub-SG35","isPartOf":{"@id":"https:\/\/photoclub-saintgilles.fr\/#website"},"primaryImageOfPage":{"@id":"https:\/\/photoclub-saintgilles.fr\/?page_id=2884#primaryimage"},"image":{"@id":"https:\/\/photoclub-saintgilles.fr\/?page_id=2884#primaryimage"},"thumbnailUrl":"http:\/\/photoclub-sg35.fr\/wp-content\/uploads\/2015\/11\/architecture3-1.jpg","datePublished":"2021-04-08T10:48:47+00:00","dateModified":"2025-01-15T11:09:15+00:00","breadcrumb":{"@id":"https:\/\/photoclub-saintgilles.fr\/?page_id=2884#breadcrumb"},"inLanguage":"fr-FR","potentialAction":[{"@type":"ReadAction","target":["https:\/\/photoclub-saintgilles.fr\/?page_id=2884"]}]},{"@type":"ImageObject","inLanguage":"fr-FR","@id":"https:\/\/photoclub-saintgilles.fr\/?page_id=2884#primaryimage","url":"http:\/\/photoclub-sg35.fr\/wp-content\/uploads\/2015\/11\/architecture3-1.jpg","contentUrl":"http:\/\/photoclub-sg35.fr\/wp-content\/uploads\/2015\/11\/architecture3-1.jpg"},{"@type":"BreadcrumbList","@id":"https:\/\/photoclub-saintgilles.fr\/?page_id=2884#breadcrumb","itemListElement":[{"@type":"ListItem","position":1,"name":"Accueil","item":"https:\/\/photoclub-saintgilles.fr\/"},{"@type":"ListItem","position":2,"name":"Fonctionnement du club"}]},{"@type":"WebSite","@id":"https:\/\/photoclub-saintgilles.fr\/#website","url":"https:\/\/photoclub-saintgilles.fr\/","name":"Photoclub-SG35","description":"Photo club Saint-Gilles - (Rennes)","publisher":{"@id":"https:\/\/photoclub-saintgilles.fr\/#organization"},"potentialAction":[{"@type":"SearchAction","target":{"@type":"EntryPoint","urlTemplate":"https:\/\/photoclub-saintgilles.fr\/?s={search_term_string}"},"query-input":{"@type":"PropertyValueSpecification","valueRequired":true,"valueName":"search_term_string"}}],"inLanguage":"fr-FR"},{"@type":"Organization","@id":"https:\/\/photoclub-saintgilles.fr\/#organization","name":"PhotoClub Saint-Gilles","url":"https:\/\/photoclub-saintgilles.fr\/","logo":{"@type":"ImageObject","inLanguage":"fr-FR","@id":"https:\/\/photoclub-saintgilles.fr\/#\/schema\/logo\/image\/","url":"https:\/\/photoclub-sg35.fr\/wp-content\/uploads\/2021\/05\/logo-300x109-1.jpg","contentUrl":"https:\/\/photoclub-sg35.fr\/wp-content\/uploads\/2021\/05\/logo-300x109-1.jpg","width":300,"height":86,"caption":"PhotoClub Saint-Gilles"},"image":{"@id":"https:\/\/photoclub-saintgilles.fr\/#\/schema\/logo\/image\/"},"sameAs":["https:\/\/www.facebook.com\/photoclubsaintgilles","https:\/\/www.instagram.com\/photoclubsaintgilles\/"]}]}},"_links":{"self":[{"href":"https:\/\/photoclub-saintgilles.fr\/index.php?rest_route=\/wp\/v2\/pages\/2884","targetHints":{"allow":["GET"]}}],"collection":[{"href":"https:\/\/photoclub-saintgilles.fr\/index.php?rest_route=\/wp\/v2\/pages"}],"about":[{"href":"https:\/\/photoclub-saintgilles.fr\/index.php?rest_route=\/wp\/v2\/types\/page"}],"author":[{"embeddable":true,"href":"https:\/\/photoclub-saintgilles.fr\/index.php?rest_route=\/wp\/v2\/users\/6"}],"replies":[{"embeddable":true,"href":"https:\/\/photoclub-saintgilles.fr\/index.php?rest_route=%2Fwp%2Fv2%2Fcomments&post=2884"}],"version-history":[{"count":84,"href":"https:\/\/photoclub-saintgilles.fr\/index.php?rest_route=\/wp\/v2\/pages\/2884\/revisions"}],"predecessor-version":[{"id":6319,"href":"https:\/\/photoclub-saintgilles.fr\/index.php?rest_route=\/wp\/v2\/pages\/2884\/revisions\/6319"}],"wp:attachment":[{"href":"https:\/\/photoclub-saintgilles.fr\/index.php?rest_route=%2Fwp%2Fv2%2Fmedia&parent=2884"}],"curies":[{"name":"wp","href":"https:\/\/api.w.org\/{rel}","templated":true}]}}